{"id":7225,"date":"2020-03-31T13:48:02","date_gmt":"2020-03-31T16:48:02","guid":{"rendered":"http:\/\/kingsschool.cl\/sanbernardo\/?page_id=7225"},"modified":"2026-03-12T09:39:13","modified_gmt":"2026-03-12T13:39:13","slug":"funcionarios","status":"publish","type":"page","link":"https:\/\/kingsschool.cl\/sanbernardo\/funcionarios\/","title":{"rendered":"Funcionarios"},"content":{"rendered":"\t\t<div data-elementor-type=\"wp-page\" data-elementor-id=\"7225\" class=\"elementor elementor-7225\">\n\t\t\t\t\t\t<section class=\"elementor-section elementor-top-section elementor-element elementor-element-46913f3 elementor-section-boxed elementor-section-height-default elementor-section-height-default wpr-particle-no wpr-jarallax-no wpr-parallax-no wpr-sticky-section-no wpr-equal-height-no\" data-id=\"46913f3\" data-element_type=\"section\" data-e-type=\"section\">\n\t\t\t\t\t\t<div class=\"elementor-container elementor-column-gap-default\">\n\t\t\t\t\t<div class=\"elementor-column elementor-col-50 elementor-top-column elementor-element elementor-element-dd5ec48\" data-id=\"dd5ec48\" data-element_type=\"column\" data-e-type=\"column\">\n\t\t\t<div class=\"elementor-widget-wrap\">\n\t\t\t\t\t\t\t<\/div>\n\t\t<\/div>\n\t\t\t\t<div class=\"elementor-column elementor-col-50 elementor-top-column elementor-element elementor-element-a8c3510\" data-id=\"a8c3510\" data-element_type=\"column\" data-e-type=\"column\">\n\t\t\t<div class=\"elementor-widget-wrap elementor-element-populated\">\n\t\t\t\t\t\t<div class=\"elementor-element elementor-element-2c529bc elementor-widget elementor-widget-heading\" data-id=\"2c529bc\" data-element_type=\"widget\" data-e-type=\"widget\" data-widget_type=\"heading.default\">\n\t\t\t\t<div class=\"elementor-widget-container\">\n\t\t\t\t\t<h2 class=\"elementor-heading-title elementor-size-default\">FUNCIONARIOS KING SCHOOL 2026<\/h2>\t\t\t\t<\/div>\n\t\t\t\t<\/div>\n\t\t\t\t\t<\/div>\n\t\t<\/div>\n\t\t\t\t\t<\/div>\n\t\t<\/section>\n\t\t\t\t<section class=\"elementor-section elementor-top-section elementor-element elementor-element-12bb2f9 elementor-section-boxed elementor-section-height-default elementor-section-height-default wpr-particle-no wpr-jarallax-no wpr-parallax-no wpr-sticky-section-no wpr-equal-height-no\" data-id=\"12bb2f9\" data-element_type=\"section\" data-e-type=\"section\">\n\t\t\t\t\t\t<div class=\"elementor-container elementor-column-gap-default\">\n\t\t\t\t\t<div class=\"elementor-column elementor-col-50 elementor-top-column elementor-element elementor-element-97c0cf3\" data-id=\"97c0cf3\" data-element_type=\"column\" data-e-type=\"column\">\n\t\t\t<div class=\"elementor-widget-wrap\">\n\t\t\t\t\t\t\t<\/div>\n\t\t<\/div>\n\t\t\t\t<div class=\"elementor-column elementor-col-50 elementor-top-column elementor-element elementor-element-8c2e3df\" data-id=\"8c2e3df\" data-element_type=\"column\" data-e-type=\"column\">\n\t\t\t<div class=\"elementor-widget-wrap elementor-element-populated\">\n\t\t\t\t\t\t<div class=\"elementor-element elementor-element-15e64ab elementor-widget elementor-widget-text-editor\" data-id=\"15e64ab\" data-element_type=\"widget\" data-e-type=\"widget\" data-widget_type=\"text-editor.default\">\n\t\t\t\t<div class=\"elementor-widget-container\">\n\t\t\t\t\t\t\t\t\t<table><tbody><tr><td colspan=\"2\"><p><b>ADMINISTRACI\u00d3N<\/b><\/p><\/td><\/tr><tr><td><p><span style=\"font-weight: 400;\">CARLA AMBIADO<\/span><\/p><\/td><td><p><span style=\"font-weight: 400;\">REPRESENTANTE LEGAL<\/span><\/p><\/td><\/tr><tr><td><p><span style=\"font-weight: 400;\">ANDR\u00c9S SALAZAR<\/span><\/p><\/td><td><p><span style=\"font-weight: 400;\">ADMINISTRADOR<\/span><\/p><\/td><\/tr><tr><td colspan=\"2\"><p>\u00a0<\/p><p><b>EQUIPO DIRECTIVO<\/b><\/p><\/td><\/tr><tr><td><p><span style=\"font-weight: 400;\">MARITZA SOTO<\/span><\/p><\/td><td><p><span style=\"font-weight: 400;\">DIRECTORA<\/span><\/p><\/td><\/tr><tr><td><p><span style=\"font-weight: 400;\">MARCIA CORNEJO<\/span><\/p><\/td><td><p><span style=\"font-weight: 400;\">INSPECTOR GENERAL<\/span><\/p><\/td><\/tr><tr><td><p><span style=\"font-weight: 400;\">ESTEBAN MARDONES<\/span><\/p><\/td><td><p><span style=\"font-weight: 400;\">JEFE DE UTP<\/span><\/p><\/td><\/tr><tr><td colspan=\"2\"><p>\u00a0<\/p><p><b>DOCENTES<\/b><\/p><\/td><\/tr><tr><td><p><span style=\"font-weight: 400;\">ANDREA MERINO<\/span><\/p><\/td><td><p><span style=\"font-weight: 400;\">ED. P\u00c1RVULOS &#8211; JEFATURA PREKINDER<\/span><\/p><\/td><\/tr><tr><td><p><span style=\"font-weight: 400;\">CAROLINA MART\u00cdNEZ<\/span><\/p><\/td><td><p><span style=\"font-weight: 400;\">ED. P\u00c1RVULOS &#8211; JEFATURA KINDER<\/span><\/p><\/td><\/tr><tr><td><p><span style=\"font-weight: 400;\">LAURA ARCE<\/span><\/p><\/td><td><p><span style=\"font-weight: 400;\">PROF. GENERAL B\u00c1SICA &#8211; JEFATURA 1\u00b0 B\u00c1SICO<\/span><\/p><\/td><\/tr><tr><td><p><span style=\"font-weight: 400;\">KATHERINE BURDILES<\/span><\/p><\/td><td><p><span style=\"font-weight: 400;\">PROF. GENERAL B\u00c1SICA- 2\u00b0 B\u00c1SICO<\/span><\/p><\/td><\/tr><tr><td><p><span style=\"font-weight: 400;\">ANGELLO VERGARA<\/span><\/p><\/td><td><p><span style=\"font-weight: 400;\">PROF. ED. F\u00cdSICA- JEFATURA 3\u00b0 B\u00c1SICO<\/span><\/p><\/td><\/tr><tr><td><p><span style=\"font-weight: 400;\">DANIEL GONZALEZ<\/span><\/p><\/td><td><p><span style=\"font-weight: 400;\">PROF. M\u00daSICA &#8211; JEFATURA 4\u00b0 B\u00c1SICO<\/span><\/p><\/td><\/tr><tr><td><p><span style=\"font-weight: 400;\">PAULETTE ACU\u00d1A<\/span><\/p><\/td><td><p><span style=\"font-weight: 400;\">PROF. INGL\u00c9S &#8211; JEFATURA 5\u00b0 B\u00c1SICO<\/span><\/p><\/td><\/tr><tr><td><p><span style=\"font-weight: 400;\">DANIELA BARRERA\u00a0<\/span><\/p><\/td><td><p><span style=\"font-weight: 400;\">PROF. LENGUAJE &#8211; JEFATURA 6\u00b0 B\u00c1SICO<\/span><\/p><\/td><\/tr><tr><td><p><span style=\"font-weight: 400;\">IVAN ROMERO<\/span><\/p><\/td><td><p><span style=\"font-weight: 400;\">PROF. MATEM\u00c1TICA &#8211; JEFATURA 7\u00b0 B\u00c1SICO<\/span><\/p><\/td><\/tr><tr><td><p><span style=\"font-weight: 400;\">JENNY C\u00c9SAR<\/span><\/p><\/td><td><p><span style=\"font-weight: 400;\">PROF. RELIGI\u00d3N &#8211; JEFATURA 8\u00b0 B\u00c1SICO<\/span><\/p><\/td><\/tr><tr><td><p><span style=\"font-weight: 400;\">CAROLINA VENEGAS<\/span><\/p><\/td><td><p><span style=\"font-weight: 400;\">PROF. ED. F\u00cdSICA &#8211; JEFATURA I MEDIO<\/span><\/p><\/td><\/tr><tr><td><p><span style=\"font-weight: 400;\">ORLANDO MOLINA<\/span><\/p><\/td><td><p><span style=\"font-weight: 400;\">PROF. HISTORIA- JEFATURA II MEDIO<\/span><\/p><\/td><\/tr><tr><td><p><span style=\"font-weight: 400;\">FANNY ARAYA<\/span><\/p><\/td><td><p><span style=\"font-weight: 400;\">PROF. LENGUAJE &#8211; JEFATURA III MEDIO<\/span><\/p><\/td><\/tr><tr><td><p><span style=\"font-weight: 400;\">NICOL\u00c1S PACHECO<\/span><\/p><\/td><td><p><span style=\"font-weight: 400;\">PROF. INGL\u00c9S &#8211; JEFATURA IV MEDIO<\/span><\/p><\/td><\/tr><tr><td><p><span style=\"font-weight: 400;\">OLGA PIZARRO<\/span><\/p><\/td><td><p><span style=\"font-weight: 400;\">PROFESORA GENERAL B\u00c1SICA<\/span><\/p><\/td><\/tr><tr><td><p><span style=\"font-weight: 400;\">JACQUELINE BARRAZA<\/span><\/p><\/td><td><p><span style=\"font-weight: 400;\">PROFESORA DE MATEM\u00c1TICAS MEDIA<\/span><\/p><\/td><\/tr><tr><td><p><span style=\"font-weight: 400;\">MANUEL CA\u00d1ETE<\/span><\/p><\/td><td><p><span style=\"font-weight: 400;\">PROFESOR DE CIENCIAS NATURALES<\/span><\/p><\/td><\/tr><tr><td colspan=\"2\"><p><b>\u00a0<\/b><\/p><p><b>ASISTENTE DE EDUCACI\u00d3N<\/b><\/p><\/td><\/tr><tr><td><p><span style=\"font-weight: 400;\">ELISA ALARC\u00d3N<\/span><\/p><\/td><td><p><span style=\"font-weight: 400;\">SECRETARIA ACAD\u00c9MICA<\/span><\/p><\/td><\/tr><tr><td><p><span style=\"font-weight: 400;\">MARCELLE MORALES<\/span><\/p><\/td><td><p><span style=\"font-weight: 400;\">INSPECTORA<\/span><\/p><\/td><\/tr><tr><td><p><span style=\"font-weight: 400;\">ISABEL VALLEJOS<\/span><\/p><\/td><td><p><span style=\"font-weight: 400;\">ENCARGADA CRA<\/span><\/p><\/td><\/tr><tr><td><p><span style=\"font-weight: 400;\">ROSA PAOLA IBA\u00d1EZ<\/span><\/p><\/td><td><p><span style=\"font-weight: 400;\">ASISTENTE DE AULA<\/span><\/p><\/td><\/tr><tr><td><p><span style=\"font-weight: 400;\">SERGIO VILLAGRA<\/span><\/p><\/td><td><p><span style=\"font-weight: 400;\">MANTENCI\u00d3N<\/span><\/p><\/td><\/tr><tr><td><p><span style=\"font-weight: 400;\">PATRICIO GONZALEZ<\/span><\/p><\/td><td><p><span style=\"font-weight: 400;\">ASISTENTE FINANCIERO<\/span><\/p><\/td><\/tr><tr><td><p><span style=\"font-weight: 400;\">JOS\u00c9 RODR\u00cdGUEZ<\/span><\/p><\/td><td><p><span style=\"font-weight: 400;\">CONTABILIDAD<\/span><\/p><\/td><\/tr><tr><td><p><span style=\"font-weight: 400;\">RENATO AMBIADO<\/span><\/p><\/td><td><p><span style=\"font-weight: 400;\">ADQUISICIONES<\/span><\/p><\/td><\/tr><tr><td><p><span style=\"font-weight: 400;\">LILIAN SALINAS<\/span><\/p><\/td><td><p><span style=\"font-weight: 400;\">RECAUDACIONES<\/span><\/p><\/td><\/tr><tr><td><p><span style=\"font-weight: 400;\">FABIOLA ROMERO<\/span><\/p><\/td><td><p><span style=\"font-weight: 400;\">PROVEEDORES<\/span><\/p><\/td><\/tr><tr><td><p><span style=\"font-weight: 400;\">FRANCISCA SALAZAR<\/span><\/p><\/td><td><p><span style=\"font-weight: 400;\">NUTRICIONISTA\/BIENESTAR<\/span><\/p><\/td><\/tr><tr><td><p><span style=\"font-weight: 400;\">CLAUDIA HUERTA<\/span><\/p><\/td><td><p><span style=\"font-weight: 400;\">T\u00c9CNICO EN P\u00c1RVULO KINDER<\/span><\/p><\/td><\/tr><tr><td><p><span style=\"font-weight: 400;\">NATALY HERRERA<\/span><\/p><\/td><td><p><span style=\"font-weight: 400;\">T\u00c9CNICO EN P\u00c1RVULO PRE KINDER<\/span><\/p><\/td><\/tr><tr><td colspan=\"2\"><p>\u00a0<\/p><p><b>EQUIPO PIE<\/b><\/p><\/td><\/tr><tr><td><p><span style=\"font-weight: 400;\">PAOLA DONOSO<\/span><\/p><\/td><td><p><span style=\"font-weight: 400;\">COORDINADORA PIE<\/span><\/p><\/td><\/tr><tr><td><p><span style=\"font-weight: 400;\">PAULINA CONTRERAS<\/span><\/p><\/td><td><p><span style=\"font-weight: 400;\">EDUCADORA DIFERENCIAL<\/span><\/p><\/td><\/tr><tr><td><p><span style=\"font-weight: 400;\">NICOLE ARCAYA<\/span><\/p><\/td><td><p><span style=\"font-weight: 400;\">EDUCADORA DIFERENCIAL<\/span><\/p><\/td><\/tr><tr><td><p><span style=\"font-weight: 400;\">GISELLE LARA<\/span><\/p><\/td><td><p><span style=\"font-weight: 400;\">EDUCADORA DIFERENCIAL<\/span><\/p><\/td><\/tr><tr><td><p><span style=\"font-weight: 400;\">STEPHANY ROJAS<\/span><\/p><\/td><td><p><span style=\"font-weight: 400;\">EDUCADORA DIFERENCIAL<\/span><\/p><\/td><\/tr><tr><td><p><span style=\"font-weight: 400;\">NICOL\u00c1S C\u00c1CERES<\/span><\/p><\/td><td><p><span style=\"font-weight: 400;\">FONOAUDI\u00d3LOGO<\/span><\/p><\/td><\/tr><tr><td><p><span style=\"font-weight: 400;\">BEATRIZ NU\u00d1EZ<\/span><\/p><\/td><td><p><span style=\"font-weight: 400;\">PSICOPEDAGOGA<\/span><\/p><\/td><\/tr><tr><td colspan=\"2\"><p>\u00a0<\/p><p><b>CONVIVENCIA ESCOLAR<\/b><\/p><\/td><\/tr><tr><td><p><span style=\"font-weight: 400;\">VIVIANA SANDOVAL<\/span><\/p><\/td><td><p><span style=\"font-weight: 400;\">ENCARGADO DE CONVIVENCIA\/CAPELLAN\u00cdA<\/span><\/p><\/td><\/tr><tr><td><p><span style=\"font-weight: 400;\">MARCIA CORNEJO<\/span><\/p><\/td><td><p><span style=\"font-weight: 400;\">INSPECTOR GENERAL<\/span><\/p><\/td><\/tr><\/tbody><\/table>\t\t\t\t\t\t\t\t<\/div>\n\t\t\t\t<\/div>\n\t\t\t\t\t<\/div>\n\t\t<\/div>\n\t\t\t\t\t<\/div>\n\t\t<\/section>\n\t\t\t\t<\/div>\n\t\t","protected":false},"excerpt":{"rendered":"<p>FUNCIONARIOS KING SCHOOL 2026 ADMINISTRACI\u00d3N CARLA AMBIADO REPRESENTANTE LEGAL ANDR\u00c9S SALAZAR ADMINISTRADOR \u00a0 EQUIPO DIRECTIVO MARITZA SOTO DIRECTORA MARCIA CORNEJO INSPECTOR GENERAL ESTEBAN MARDONES JEFE DE UTP \u00a0 DOCENTES ANDREA MERINO ED. P\u00c1RVULOS &#8211; JEFATURA PREKINDER CAROLINA MART\u00cdNEZ ED. P\u00c1RVULOS &#8211; JEFATURA KINDER LAURA ARCE PROF. GENERAL B\u00c1SICA &#8211; JEFATURA 1\u00b0 B\u00c1SICO KATHERINE BURDILES PROF. GENERAL B\u00c1SICA- 2\u00b0 B\u00c1SICO ANGELLO VERGARA PROF. ED. F\u00cdSICA- JEFATURA 3\u00b0 B\u00c1SICO DANIEL GONZALEZ PROF. M\u00daSICA &#8211; JEFATURA 4\u00b0 B\u00c1SICO PAULETTE ACU\u00d1A PROF. INGL\u00c9S &#8211; JEFATURA 5\u00b0 B\u00c1SICO DANIELA BARRERA\u00a0 PROF. LENGUAJE &#8211; JEFATURA 6\u00b0 B\u00c1SICO IVAN ROMERO PROF. MATEM\u00c1TICA &#8211; JEFATURA 7\u00b0 B\u00c1SICO JENNY C\u00c9SAR PROF. RELIGI\u00d3N &#8211; JEFATURA 8\u00b0 B\u00c1SICO CAROLINA VENEGAS PROF. ED. F\u00cdSICA &#8211; JEFATURA I MEDIO ORLANDO MOLINA PROF. HISTORIA- JEFATURA II MEDIO FANNY ARAYA PROF. LENGUAJE &#8211; JEFATURA III MEDIO NICOL\u00c1S PACHECO PROF. INGL\u00c9S &#8211; JEFATURA IV MEDIO OLGA PIZARRO PROFESORA GENERAL B\u00c1SICA JACQUELINE BARRAZA PROFESORA DE MATEM\u00c1TICAS MEDIA MANUEL CA\u00d1ETE PROFESOR DE CIENCIAS NATURALES \u00a0 ASISTENTE DE EDUCACI\u00d3N ELISA ALARC\u00d3N SECRETARIA ACAD\u00c9MICA MARCELLE MORALES INSPECTORA ISABEL VALLEJOS ENCARGADA CRA ROSA PAOLA IBA\u00d1EZ ASISTENTE DE AULA SERGIO VILLAGRA MANTENCI\u00d3N PATRICIO GONZALEZ ASISTENTE FINANCIERO JOS\u00c9 RODR\u00cdGUEZ CONTABILIDAD RENATO AMBIADO ADQUISICIONES LILIAN SALINAS RECAUDACIONES FABIOLA ROMERO PROVEEDORES FRANCISCA SALAZAR NUTRICIONISTA\/BIENESTAR CLAUDIA HUERTA T\u00c9CNICO EN P\u00c1RVULO KINDER NATALY HERRERA T\u00c9CNICO EN P\u00c1RVULO PRE KINDER \u00a0 EQUIPO PIE PAOLA DONOSO COORDINADORA PIE PAULINA CONTRERAS EDUCADORA DIFERENCIAL NICOLE ARCAYA EDUCADORA DIFERENCIAL GISELLE LARA EDUCADORA DIFERENCIAL STEPHANY ROJAS EDUCADORA DIFERENCIAL NICOL\u00c1S C\u00c1CERES FONOAUDI\u00d3LOGO BEATRIZ NU\u00d1EZ PSICOPEDAGOGA \u00a0 CONVIVENCIA ESCOLAR VIVIANA SANDOVAL ENCARGADO DE CONVIVENCIA\/CAPELLAN\u00cdA MARCIA CORNEJO INSPECTOR GENERAL [&#8230;]<\/p>\n<p><a class=\"btn btn-secondary understrap-read-more-link\" href=\"https:\/\/kingsschool.cl\/sanbernardo\/funcionarios\/\">Leer m\u00e1s&#8230;<span class=\"screen-reader-text\"> from Funcionarios<\/span><\/a><\/p>\n","protected":false},"author":1,"featured_media":0,"parent":0,"menu_order":0,"comment_status":"closed","ping_status":"closed","template":"","meta":{"footnotes":""},"class_list":["post-7225","page","type-page","status-publish","hentry"],"rttpg_featured_image_url":null,"rttpg_author":{"display_name":"kings","author_link":"https:\/\/kingsschool.cl\/sanbernardo\/author\/kings\/"},"rttpg_comment":0,"rttpg_category":null,"rttpg_excerpt":"FUNCIONARIOS KING SCHOOL 2026 ADMINISTRACI\u00d3N CARLA AMBIADO REPRESENTANTE LEGAL ANDR\u00c9S SALAZAR ADMINISTRADOR \u00a0 EQUIPO DIRECTIVO MARITZA SOTO DIRECTORA MARCIA CORNEJO INSPECTOR GENERAL ESTEBAN MARDONES JEFE DE UTP \u00a0 DOCENTES ANDREA MERINO ED. P\u00c1RVULOS &#8211; JEFATURA PREKINDER CAROLINA MART\u00cdNEZ ED. P\u00c1RVULOS &#8211; JEFATURA KINDER LAURA ARCE PROF. GENERAL B\u00c1SICA &#8211; JEFATURA 1\u00b0 B\u00c1SICO KATHERINE BURDILES PROF.&hellip;","_links":{"self":[{"href":"https:\/\/kingsschool.cl\/sanbernardo\/wp-json\/wp\/v2\/pages\/7225","targetHints":{"allow":["GET"]}}],"collection":[{"href":"https:\/\/kingsschool.cl\/sanbernardo\/wp-json\/wp\/v2\/pages"}],"about":[{"href":"https:\/\/kingsschool.cl\/sanbernardo\/wp-json\/wp\/v2\/types\/page"}],"author":[{"embeddable":true,"href":"https:\/\/kingsschool.cl\/sanbernardo\/wp-json\/wp\/v2\/users\/1"}],"replies":[{"embeddable":true,"href":"https:\/\/kingsschool.cl\/sanbernardo\/wp-json\/wp\/v2\/comments?post=7225"}],"version-history":[{"count":54,"href":"https:\/\/kingsschool.cl\/sanbernardo\/wp-json\/wp\/v2\/pages\/7225\/revisions"}],"predecessor-version":[{"id":16162,"href":"https:\/\/kingsschool.cl\/sanbernardo\/wp-json\/wp\/v2\/pages\/7225\/revisions\/16162"}],"wp:attachment":[{"href":"https:\/\/kingsschool.cl\/sanbernardo\/wp-json\/wp\/v2\/media?parent=7225"}],"curies":[{"name":"wp","href":"https:\/\/api.w.org\/{rel}","templated":true}]}}